{"id":2067,"date":"2025-01-06T15:13:32","date_gmt":"2025-01-06T14:13:32","guid":{"rendered":"https:\/\/caldo-heizkoerper.de\/produkt\/alexandro-eb-radiateur-electrique-pour-salle-de-bains\/"},"modified":"2025-01-06T15:13:33","modified_gmt":"2025-01-06T14:13:33","slug":"alexandro-eb-radiateur-electrique-pour-salle-de-bains","status":"publish","type":"portfolio","link":"https:\/\/caldo-heizkoerper.de\/fr\/produkt\/alexandro-eb-radiateur-electrique-pour-salle-de-bains\/","title":{"rendered":"Alexandro EB Radiateur \u00e9lectrique pour salle de bains"},"content":{"rendered":"<div id='full_slider_1'  class='avia-fullwidth-slider main_color avia-shadow   avia-builder-el-0  el_before_av_section  avia-builder-el-first   container_wrap fullsize'  ><div  class='avia-slideshow av-b5m22e-269104da53fc503a2d1fdbc92b086b24 avia-slideshow-no scaling av_slideshow_full avia-fade-slider av-slideshow-ui av-control-hidden av-no-slider-navigation av-hide-nav-arrows av-slideshow-autoplay av-loop-endless av-loop-manual-endless av-default-height-applied   avia-slideshow-1' data-slideshow-options=\"{&quot;animation&quot;:&quot;fade&quot;,&quot;autoplay&quot;:true,&quot;loop_autoplay&quot;:&quot;endless&quot;,&quot;interval&quot;:5,&quot;loop_manual&quot;:&quot;manual-endless&quot;,&quot;autoplay_stopper&quot;:false,&quot;noNavigation&quot;:true,&quot;bg_slider&quot;:false,&quot;keep_padding&quot;:false,&quot;hoverpause&quot;:false,&quot;show_slide_delay&quot;:0}\"  itemprop=\"image\" itemscope=\"itemscope\" itemtype=\"https:\/\/schema.org\/ImageObject\" ><ul class='avia-slideshow-inner ' style='padding-bottom: 16.666666666667%;'><li  class='avia-slideshow-slide av-b5m22e-269104da53fc503a2d1fdbc92b086b24__0  av-single-slide slide-1 slide-odd'><div data-rel='slideshow-1' class='avia-slide-wrap '   ><img decoding=\"async\" fetchpriority=\"high\" class=\"wp-image-733 avia-img-lazy-loading-not-733\"  src=\"https:\/\/caldo-heizkoerper.de\/wp-content\/uploads\/caldo-slide2-1.jpg\" width=\"1920\" height=\"320\" title='caldo-slide2-1' alt=''  itemprop=\"thumbnailUrl\" srcset=\"https:\/\/caldo-heizkoerper.de\/wp-content\/uploads\/caldo-slide2-1.jpg 1920w, https:\/\/caldo-heizkoerper.de\/wp-content\/uploads\/caldo-slide2-1-768x128.jpg 768w, https:\/\/caldo-heizkoerper.de\/wp-content\/uploads\/caldo-slide2-1-1500x250.jpg 1500w, https:\/\/caldo-heizkoerper.de\/wp-content\/uploads\/caldo-slide2-1-705x118.jpg 705w, https:\/\/caldo-heizkoerper.de\/wp-content\/uploads\/caldo-slide2-1-450x75.jpg 450w\" sizes=\"(max-width: 1920px) 100vw, 1920px\" \/><\/div><\/li><\/ul><\/div><\/div>\n\n<style type=\"text\/css\" data-created_by=\"avia_inline_auto\" id=\"style-css-av-jt792-cf528edbcc44cef1b9f135d3a5880ef3\">\n.avia-section.av-jt792-cf528edbcc44cef1b9f135d3a5880ef3{\nbackground-color:#616161;\nbackground-image:unset;\n}\n<\/style>\n<div id='av_section_1'  class='avia-section av-jt792-cf528edbcc44cef1b9f135d3a5880ef3 main_color avia-section-large avia-no-border-styling  avia-builder-el-1  el_after_av_slideshow_full  el_before_av_section  avia-bg-style-scroll container_wrap fullsize'  ><div class='container av-section-cont-open' ><div class='template-page content  av-content-full alpha units'><div class='post-entry post-entry-type-page post-entry-2067'><div class='entry-content-wrapper clearfix'>\n\n<style type=\"text\/css\" data-created_by=\"avia_inline_auto\" id=\"style-css-av-62gm-024b5cd686f4855ef5d04cd654d9ea7e\">\n.flex_column.av-62gm-024b5cd686f4855ef5d04cd654d9ea7e{\nborder-radius:0px 0px 0px 0px;\npadding:0px 0px 0px 0px;\n}\n<\/style>\n<div  class='flex_column av-62gm-024b5cd686f4855ef5d04cd654d9ea7e av_one_full  avia-builder-el-2  avia-builder-el-no-sibling  first flex_column_div av-zero-column-padding  '     ><style type=\"text\/css\" data-created_by=\"avia_inline_auto\" id=\"style-css-av-jhm0i7pz-734b7a5f0ffca59eba5ebd2808c36225\">\n#top .av-special-heading.av-jhm0i7pz-734b7a5f0ffca59eba5ebd2808c36225{\npadding-bottom:0;\ncolor:#ffffff;\nfont-size:36px;\n}\nbody .av-special-heading.av-jhm0i7pz-734b7a5f0ffca59eba5ebd2808c36225 .av-special-heading-tag .heading-char{\nfont-size:25px;\n}\n#top #wrap_all .av-special-heading.av-jhm0i7pz-734b7a5f0ffca59eba5ebd2808c36225 .av-special-heading-tag{\nfont-size:36px;\n}\n.av-special-heading.av-jhm0i7pz-734b7a5f0ffca59eba5ebd2808c36225 .special-heading-inner-border{\nborder-color:#ffffff;\n}\n.av-special-heading.av-jhm0i7pz-734b7a5f0ffca59eba5ebd2808c36225 .av-subheading{\nfont-size:15px;\n}\n\n@media only screen and (min-width: 480px) and (max-width: 767px){ \n#top #wrap_all .av-special-heading.av-jhm0i7pz-734b7a5f0ffca59eba5ebd2808c36225 .av-special-heading-tag{\nfont-size:0.8em;\n}\n}\n\n@media only screen and (max-width: 479px){ \n#top #wrap_all .av-special-heading.av-jhm0i7pz-734b7a5f0ffca59eba5ebd2808c36225 .av-special-heading-tag{\nfont-size:0.8em;\n}\n}\n<\/style>\n<div  class='av-special-heading av-jhm0i7pz-734b7a5f0ffca59eba5ebd2808c36225 av-special-heading-h1 custom-color-heading blockquote modern-quote  avia-builder-el-3  avia-builder-el-no-sibling  av-inherit-size'><h1 class='av-special-heading-tag '  itemprop=\"headline\"  >Alexandro EB Radiateur \u00e9lectrique pour salle de bains<\/h1><div class=\"special-heading-border\"><div class=\"special-heading-inner-border\"><\/div><\/div><\/div><\/div>\n\n<\/div><\/div><\/div><!-- close content main div --><\/div><\/div>\n<style type=\"text\/css\" data-created_by=\"avia_inline_auto\" id=\"style-css-av-awtvcm-7f6ab122c121e36697f09912ef513fdf\">\n.avia-section.av-awtvcm-7f6ab122c121e36697f09912ef513fdf{\nbackground-color:#ffffff;\nbackground-image:unset;\n}\n<\/style>\n<div id='av_section_2'  class='avia-section av-awtvcm-7f6ab122c121e36697f09912ef513fdf main_color avia-section-large avia-no-border-styling  avia-builder-el-4  el_after_av_section  el_before_av_section  avia-bg-style-scroll container_wrap fullsize'  ><div class='container av-section-cont-open' ><div class='template-page content  av-content-full alpha units'><div class='post-entry post-entry-type-page post-entry-2067'><div class='entry-content-wrapper clearfix'>\n\n<style type=\"text\/css\" data-created_by=\"avia_inline_auto\" id=\"style-css-av-e9ts6-df77c7860e3d79cdf19b03c2c2b2766a\">\n.flex_column.av-e9ts6-df77c7860e3d79cdf19b03c2c2b2766a{\nborder-radius:0px 0px 0px 0px;\npadding:0px 0px 0px 0px;\n}\n<\/style>\n<div  class='flex_column av-e9ts6-df77c7860e3d79cdf19b03c2c2b2766a av_two_third  avia-builder-el-5  el_before_av_one_third  avia-builder-el-first  first flex_column_div av-zero-column-padding  '     ><p>\n<style type=\"text\/css\" data-created_by=\"avia_inline_auto\" id=\"style-css-av-tiber-6a566ad249fce6b2f348abf4faaad685\">\n#top .av-special-heading.av-tiber-6a566ad249fce6b2f348abf4faaad685{\npadding-bottom:10px;\n}\nbody .av-special-heading.av-tiber-6a566ad249fce6b2f348abf4faaad685 .av-special-heading-tag .heading-char{\nfont-size:25px;\n}\n.av-special-heading.av-tiber-6a566ad249fce6b2f348abf4faaad685 .av-subheading{\nfont-size:15px;\n}\n<\/style>\n<div  class='av-special-heading av-tiber-6a566ad249fce6b2f348abf4faaad685 av-special-heading-h2 blockquote modern-quote  avia-builder-el-6  el_before_av_textblock  avia-builder-el-first '><h2 class='av-special-heading-tag '  itemprop=\"headline\"  >\u00c0 propos du produit<\/h2><div class=\"special-heading-border\"><div class=\"special-heading-inner-border\"><\/div><\/div><\/div><br \/>\n<section  class='av_textblock_section av-jhbt4q5i-a800af62639956f915a43a5f3aa3e02d '   itemscope=\"itemscope\" itemtype=\"https:\/\/schema.org\/CreativeWork\" ><div class='avia_textblock'  itemprop=\"text\" ><p>Notre s\u00e8che-serviettes Alexandro enti\u00e8rement \u00e9lectrique est polyvalent. Que ce soit dans la salle de bains ou dans la cuisine, il fait toujours bonne figure. Pr\u00e9-rempli de liquide thermique et \u00e9quip\u00e9 d&rsquo;une cartouche chauffante \u00e9lectrique, ce s\u00e8che-serviettes est incroyablement flexible et tout simplement beau.<\/p>\n<\/div><\/section><br \/>\n<section  class='av_textblock_section av-ll6ocq36-b730573df0f26de8a0db71f85a3a73ee '   itemscope=\"itemscope\" itemtype=\"https:\/\/schema.org\/CreativeWork\" ><div class='avia_textblock'  itemprop=\"text\" ><p>Nos nouveaux radiateurs de salle de bains enti\u00e8rement \u00e9lectriques ALEXANDRO EB et <a href=\"https:\/\/caldo-heizkoerper.de\/produkt\/trentino-eb-elektro-badheizkoerper\/\">TRENTINO EB<\/a> sont enti\u00e8rement conformes<br \/>\naux exigences de la nouvelle directive sur l&rsquo;\u00e9coconception ErP et donc au r\u00e8glement (UE) 2015\/1188. Ces radiateurs s&rsquo;adaptent \u00e0 vous \u00e0 tous les niveaux. Que ce soit comme source de chaleur suppl\u00e9mentaire au chauffage par le sol ou pour une installation ult\u00e9rieure, ind\u00e9pendamment du chauffage central. Ils sont pr\u00e9-remplis de fluide thermique et \u00e9quip\u00e9s d&rsquo;une cartouche chauffante \u00e9lectrique \u00e0 \u00e9conomie d&rsquo;\u00e9nergie.<br \/>\nCelle-ci a les 6 fonctions suivantes :<\/p>\n<\/div><\/section><br \/>\n\n<style type=\"text\/css\" data-created_by=\"avia_inline_auto\" id=\"style-css-av-ll6oh2lp-68d607435d067c2f08f6ee1500b5ce30\">\n#top .avia-icon-list-container.av-ll6oh2lp-68d607435d067c2f08f6ee1500b5ce30 .iconlist_icon{\ncolor:#e41c3b;\n}\n#top .avia-icon-list-container.av-ll6oh2lp-68d607435d067c2f08f6ee1500b5ce30 .iconlist_icon svg:first-child{\nstroke:#e41c3b;\nfill:#e41c3b;\n}\n#top #wrap_all .avia-icon-list-container.av-ll6oh2lp-68d607435d067c2f08f6ee1500b5ce30 .av_iconlist_title{\ncolor:e41c3b;\n}\n<\/style>\n<div  class='avia-icon-list-container av-ll6oh2lp-68d607435d067c2f08f6ee1500b5ce30  avia-builder-el-9  el_after_av_textblock  avia-builder-el-last '><ul class='avia-icon-list avia_animate_when_almost_visible avia-icon-list-left av-iconlist-small av-ll6oh2lp-68d607435d067c2f08f6ee1500b5ce30'>\n<li><div class='iconlist_icon av-ll6oe0g8-57d7e5456057b2c60d7cadbf5c8af20e avia-font-entypo-fontello avia-iconfont avia-font-entypo-fontello'><span class='av-icon-char' data-av_icon='\ue812' data-av_iconfont='entypo-fontello' aria-hidden=\"true\"><\/span><\/div><article class=\"article-icon-entry \"  itemscope=\"itemscope\" itemtype=\"https:\/\/schema.org\/CreativeWork\" ><div class=\"iconlist_content_wrap\"><header class=\"entry-content-header\" aria-label=\"Ic\u00f4ne : Confort\"><div class='av_iconlist_title iconlist_title_small  av_inherit_color'  itemprop=\"headline\" >Confort<\/div><\/header><div class='iconlist_content '  itemprop=\"text\" ><p>Le thermostat maintient la temp\u00e9rature ambiante \u00e0 la valeur d\u00e9finie.<\/p>\n<\/div><\/div><footer class=\"entry-footer\"><\/footer><\/article><div class=\"iconlist-timeline\"><\/div><\/li>\n<li><div class='iconlist_icon av-ll6oe0g8-5-a212bab8bff037489a75dd914373c6b7 avia-font-entypo-fontello avia-iconfont avia-font-entypo-fontello'><span class='av-icon-char' data-av_icon='\ue812' data-av_iconfont='entypo-fontello' aria-hidden=\"true\"><\/span><\/div><article class=\"article-icon-entry \"  itemscope=\"itemscope\" itemtype=\"https:\/\/schema.org\/CreativeWork\" ><div class=\"iconlist_content_wrap\"><header class=\"entry-content-header\" aria-label=\"Ic\u00f4ne : Chrono\"><div class='av_iconlist_title iconlist_title_small  av_inherit_color'  itemprop=\"headline\" >Chrono<\/div><\/header><div class='iconlist_content '  itemprop=\"text\" ><p>Programmation du fonctionnement quotidien avec r\u00e9p\u00e9tition toutes les semaines<\/p>\n<\/div><\/div><footer class=\"entry-footer\"><\/footer><\/article><div class=\"iconlist-timeline\"><\/div><\/li>\n<li><div class='iconlist_icon av-ll6oe0g8-4-b83a1e8c13bc9c848727a3d8c2bed85b avia-font-entypo-fontello avia-iconfont avia-font-entypo-fontello'><span class='av-icon-char' data-av_icon='\ue812' data-av_iconfont='entypo-fontello' aria-hidden=\"true\"><\/span><\/div><article class=\"article-icon-entry \"  itemscope=\"itemscope\" itemtype=\"https:\/\/schema.org\/CreativeWork\" ><div class=\"iconlist_content_wrap\"><header class=\"entry-content-header\" aria-label=\"Ic\u00f4ne : 2 h\"><div class='av_iconlist_title iconlist_title_small  av_inherit_color'  itemprop=\"headline\" >2 h<\/div><\/header><div class='iconlist_content '  itemprop=\"text\" ><p>Puissance maximale pendant 2 heures, ind\u00e9pendamment de la temp\u00e9rature d\u00e9finie<\/p>\n<\/div><\/div><footer class=\"entry-footer\"><\/footer><\/article><div class=\"iconlist-timeline\"><\/div><\/li>\n<li><div class='iconlist_icon av-ll6oe0g8-3-bd57fcbcd068e0d1a459c51669973114 avia-font-entypo-fontello avia-iconfont avia-font-entypo-fontello'><span class='av-icon-char' data-av_icon='\ue812' data-av_iconfont='entypo-fontello' aria-hidden=\"true\"><\/span><\/div><article class=\"article-icon-entry \"  itemscope=\"itemscope\" itemtype=\"https:\/\/schema.org\/CreativeWork\" ><div class=\"iconlist_content_wrap\"><header class=\"entry-content-header\" aria-label=\"Ic\u00f4ne : D\u00e9tection fen\u00eatre ouverte\"><div class='av_iconlist_title iconlist_title_small  av_inherit_color'  itemprop=\"headline\" >D\u00e9tection fen\u00eatre ouverte<\/div><\/header><div class='iconlist_content '  itemprop=\"text\" ><p>Le thermostat est d\u00e9sactiv\u00e9 pendant 30 minutes maximum.<\/p>\n<\/div><\/div><footer class=\"entry-footer\"><\/footer><\/article><div class=\"iconlist-timeline\"><\/div><\/li>\n<li><div class='iconlist_icon av-ll6oe0g8-2-2d33332eb872b229a216e2e1771a5892 avia-font-entypo-fontello avia-iconfont avia-font-entypo-fontello'><span class='av-icon-char' data-av_icon='\ue812' data-av_iconfont='entypo-fontello' aria-hidden=\"true\"><\/span><\/div><article class=\"article-icon-entry \"  itemscope=\"itemscope\" itemtype=\"https:\/\/schema.org\/CreativeWork\" ><div class=\"iconlist_content_wrap\"><header class=\"entry-content-header\" aria-label=\"Ic\u00f4ne : Protection contre le gel\"><div class='av_iconlist_title iconlist_title_small  av_inherit_color'  itemprop=\"headline\" >Protection contre le gel<\/div><\/header><div class='iconlist_content '  itemprop=\"text\" ><p>Maintient la temp\u00e9rature ambiante au-dessus de 7\u00b0C<\/p>\n<\/div><\/div><footer class=\"entry-footer\"><\/footer><\/article><div class=\"iconlist-timeline\"><\/div><\/li>\n<li><div class='iconlist_icon av-ll6oe0g8-1-ace614f1eaa41985ee0f407a393093df avia-font-entypo-fontello avia-iconfont avia-font-entypo-fontello'><span class='av-icon-char' data-av_icon='\ue812' data-av_iconfont='entypo-fontello' aria-hidden=\"true\"><\/span><\/div><article class=\"article-icon-entry \"  itemscope=\"itemscope\" itemtype=\"https:\/\/schema.org\/CreativeWork\" ><div class=\"iconlist_content_wrap\"><header class=\"entry-content-header\" aria-label=\"Ic\u00f4ne : Nuit\"><div class='av_iconlist_title iconlist_title_small  av_inherit_color'  itemprop=\"headline\" >Nuit<\/div><\/header><div class='iconlist_content '  itemprop=\"text\" ><p>La temp\u00e9rature de la pi\u00e8ce est maintenue en dessous de la temp\u00e9rature de confort<\/p>\n<\/div><\/div><footer class=\"entry-footer\"><\/footer><\/article><div class=\"iconlist-timeline\"><\/div><\/li>\n<\/ul><\/div><\/p><\/div>\n<style type=\"text\/css\" data-created_by=\"avia_inline_auto\" id=\"style-css-av-91k06-810a07d2325970bfc50b27d784910815\">\n.flex_column.av-91k06-810a07d2325970bfc50b27d784910815{\nborder-radius:0px 0px 0px 0px;\npadding:0px 0px 0px 0px;\n}\n<\/style>\n<div  class='flex_column av-91k06-810a07d2325970bfc50b27d784910815 av_one_third  avia-builder-el-10  el_after_av_two_third  avia-builder-el-last  flex_column_div av-zero-column-padding  '     ><style type=\"text\/css\" data-created_by=\"avia_inline_auto\" id=\"style-css-av-jhbt8tre-0f52d7ab2c4830c00cc637c6018562e4\">\n.avia-image-container.av-jhbt8tre-0f52d7ab2c4830c00cc637c6018562e4 img.avia_image{\nbox-shadow:none;\n}\n.avia-image-container.av-jhbt8tre-0f52d7ab2c4830c00cc637c6018562e4 .av-image-caption-overlay-center{\ncolor:#ffffff;\n}\n<\/style>\n<div  class='avia-image-container av-jhbt8tre-0f52d7ab2c4830c00cc637c6018562e4 av-styling- avia-align-center  avia-builder-el-11  avia-builder-el-no-sibling '   itemprop=\"image\" itemscope=\"itemscope\" itemtype=\"https:\/\/schema.org\/ImageObject\" ><div class=\"avia-image-container-inner\"><div class=\"avia-image-overlay-wrap\"><img decoding=\"async\" fetchpriority=\"high\" class='wp-image-1863 avia-img-lazy-loading-not-1863 avia_image ' src=\"https:\/\/caldo-heizkoerper.de\/wp-content\/uploads\/2024\/05\/Alexandro-EB-Heizkoerper.png\" alt='' title='Alexandro EB Radiateur'  height=\"640\" width=\"480\"  itemprop=\"thumbnailUrl\"  \/><\/div><\/div><\/div><\/div><\/div><\/div><\/div><!-- close content main div --><\/div><\/div><div id='av_section_3'  class='avia-section av-9nxtf-8f533ec768c4d384a71b8e8b4d6b66c6 main_color avia-section-default avia-no-border-styling  avia-builder-el-12  el_after_av_section  avia-builder-el-last  avia-bg-style-scroll container_wrap fullsize'  ><div class='container av-section-cont-open' ><div class='template-page content  av-content-full alpha units'><div class='post-entry post-entry-type-page post-entry-2067'><div class='entry-content-wrapper clearfix'>\n\n<style type=\"text\/css\" data-created_by=\"avia_inline_auto\" id=\"style-css-av-ll6mcyvl-1fc016d3ee92141f778585ec12dd8a63\">\n#top .av-special-heading.av-ll6mcyvl-1fc016d3ee92141f778585ec12dd8a63{\npadding-bottom:0;\nfont-size:36px;\n}\nbody .av-special-heading.av-ll6mcyvl-1fc016d3ee92141f778585ec12dd8a63 .av-special-heading-tag .heading-char{\nfont-size:25px;\n}\n#top #wrap_all .av-special-heading.av-ll6mcyvl-1fc016d3ee92141f778585ec12dd8a63 .av-special-heading-tag{\nfont-size:36px;\n}\n.av-special-heading.av-ll6mcyvl-1fc016d3ee92141f778585ec12dd8a63 .av-subheading{\nfont-size:15px;\n}\n\n@media only screen and (min-width: 480px) and (max-width: 767px){ \n#top #wrap_all .av-special-heading.av-ll6mcyvl-1fc016d3ee92141f778585ec12dd8a63 .av-special-heading-tag{\nfont-size:0.8em;\n}\n}\n\n@media only screen and (max-width: 479px){ \n#top #wrap_all .av-special-heading.av-ll6mcyvl-1fc016d3ee92141f778585ec12dd8a63 .av-special-heading-tag{\nfont-size:0.8em;\n}\n}\n<\/style>\n<div  class='av-special-heading av-ll6mcyvl-1fc016d3ee92141f778585ec12dd8a63 av-special-heading-h2 blockquote modern-quote  avia-builder-el-13  el_before_av_blog  avia-builder-el-first  av-inherit-size'><h2 class='av-special-heading-tag '  itemprop=\"headline\"  >Autres radiateurs \u00e9lectriques pour salle de bains et s\u00e8che-serviettes \u00e9lectriques<\/h2><div class=\"special-heading-border\"><div class=\"special-heading-inner-border\"><\/div><\/div><\/div>\n<div  data-slideshow-options=\"{&quot;animation&quot;:&quot;fade&quot;,&quot;autoplay&quot;:false,&quot;loop_autoplay&quot;:&quot;once&quot;,&quot;interval&quot;:5,&quot;loop_manual&quot;:&quot;manual-endless&quot;,&quot;autoplay_stopper&quot;:false,&quot;noNavigation&quot;:false,&quot;show_slide_delay&quot;:90}\" class='avia-content-slider avia-content-grid-active avia-content-slider1 avia-content-slider-odd  avia-builder-el-14  el_after_av_heading  avia-builder-el-last  av-slideshow-ui av-control-default   av-no-slider-navigation av-slideshow-manual av-loop-once av-loop-manual-endless '  itemscope=\"itemscope\" itemtype=\"https:\/\/schema.org\/Blog\" ><div class=\"avia-content-slider-inner\"><div class=\"slide-entry-wrap\"><article class='slide-entry flex_column  post-entry post-entry-2037 slide-entry-overview slide-loop-1 slide-parity-odd  av_one_third first real-thumbnail posttype-portfolio post-format-standard'  itemscope=\"itemscope\" itemtype=\"https:\/\/schema.org\/CreativeWork\" ><a href='https:\/\/caldo-heizkoerper.de\/fr\/produkt\/trentino-eb-radiateur-electrique-pour-salle-de-bains\/' data-rel='slide-1' class='slide-image' title='Trentino EB Radiateur \u00e9lectrique pour salle de bains'><img decoding=\"async\" loading=\"lazy\" width=\"480\" height=\"400\" src=\"https:\/\/caldo-heizkoerper.de\/wp-content\/uploads\/2024\/05\/Trentino-EB-Heizkoerper-480x400.png\" class=\"wp-image-1870 avia-img-lazy-loading-1870 attachment-portfolio size-portfolio wp-post-image\" alt=\"\" \/><\/a><div class=\"slide-content\"><header class=\"entry-content-header\" aria-label=\"Slide: Trentino EB Radiateur \u00e9lectrique pour salle de bains\"><h3 class='slide-entry-title entry-title '  itemprop=\"headline\" ><a href='https:\/\/caldo-heizkoerper.de\/fr\/produkt\/trentino-eb-radiateur-electrique-pour-salle-de-bains\/' title='Trentino EB Radiateur \u00e9lectrique pour salle de bains'>Trentino EB Radiateur \u00e9lectrique pour salle de bains<\/a><\/h3><span class=\"blog-categories minor-meta\"><a href=\"https:\/\/caldo-heizkoerper.de\/fr\/produkte\/radiateurs-electriques-pour-salle-de-bains-et-seche-serviettes-electriques\/\" rel=\"tag\">Radiateurs \u00e9lectriques pour salle de bains et s\u00e8che-serviettes \u00e9lectriques<\/a> <\/span><span class=\"av-vertical-delimiter\"><\/span><\/header><\/div><footer class=\"entry-footer\"><\/footer><span class='hidden'>\n\t\t\t\t<span class='av-structured-data'  itemprop=\"image\" itemscope=\"itemscope\" itemtype=\"https:\/\/schema.org\/ImageObject\" >\n\t\t\t\t\t\t<span itemprop='url'>https:\/\/caldo-heizkoerper.de\/wp-content\/uploads\/2024\/05\/Trentino-EB-Heizkoerper.png<\/span>\n\t\t\t\t\t\t<span itemprop='height'>640<\/span>\n\t\t\t\t\t\t<span itemprop='width'>480<\/span>\n\t\t\t\t<\/span>\n\t\t\t\t<span class='av-structured-data'  itemprop=\"publisher\" itemtype=\"https:\/\/schema.org\/Organization\" itemscope=\"itemscope\" >\n\t\t\t\t\t\t<span itemprop='name'>Contunda<\/span>\n\t\t\t\t\t\t<span itemprop='logo' itemscope itemtype='https:\/\/schema.org\/ImageObject'>\n\t\t\t\t\t\t\t<span itemprop='url'>\/wp-content\/uploads\/Caldo-Logo-WP.png<\/span>\n\t\t\t\t\t\t<\/span>\n\t\t\t\t<\/span><span class='av-structured-data'  itemprop=\"author\" itemscope=\"itemscope\" itemtype=\"https:\/\/schema.org\/Person\" ><span itemprop='name'>Contunda<\/span><\/span><span class='av-structured-data'  itemprop=\"datePublished\" datetime=\"2025-01-06T15:13:32+01:00\" >2025-01-06 15:13:31<\/span><span class='av-structured-data'  itemprop=\"dateModified\" itemtype=\"https:\/\/schema.org\/dateModified\" >2025-01-06 15:13:33<\/span><span class='av-structured-data'  itemprop=\"mainEntityOfPage\" itemtype=\"https:\/\/schema.org\/mainEntityOfPage\" ><span itemprop='name'>Trentino EB Radiateur \u00e9lectrique pour salle de bains<\/span><\/span><\/span><\/article><article class='slide-entry flex_column  post-entry post-entry-2018 slide-entry-overview slide-loop-2 slide-parity-even  av_one_third  real-thumbnail posttype-portfolio post-format-standard'  itemscope=\"itemscope\" itemtype=\"https:\/\/schema.org\/CreativeWork\" ><a href='https:\/\/caldo-heizkoerper.de\/fr\/produkt\/trentino-e-seche-serviettes-electrique\/' data-rel='slide-1' class='slide-image' title='Trentino E s\u00e8che-serviettes \u00e9lectrique'><img decoding=\"async\" loading=\"lazy\" width=\"480\" height=\"400\" src=\"https:\/\/caldo-heizkoerper.de\/wp-content\/uploads\/2024\/05\/Trentino-E-Heizkoerper-480x400.png\" class=\"wp-image-1867 avia-img-lazy-loading-1867 attachment-portfolio size-portfolio wp-post-image\" alt=\"\" \/><\/a><div class=\"slide-content\"><header class=\"entry-content-header\" aria-label=\"Slide: Trentino E s\u00e8che-serviettes \u00e9lectrique\"><h3 class='slide-entry-title entry-title '  itemprop=\"headline\" ><a href='https:\/\/caldo-heizkoerper.de\/fr\/produkt\/trentino-e-seche-serviettes-electrique\/' title='Trentino E s\u00e8che-serviettes \u00e9lectrique'>Trentino E s\u00e8che-serviettes \u00e9lectrique<\/a><\/h3><span class=\"blog-categories minor-meta\"><a href=\"https:\/\/caldo-heizkoerper.de\/fr\/produkte\/radiateurs-electriques-pour-salle-de-bains-et-seche-serviettes-electriques\/\" rel=\"tag\">Radiateurs \u00e9lectriques pour salle de bains et s\u00e8che-serviettes \u00e9lectriques<\/a> <\/span><span class=\"av-vertical-delimiter\"><\/span><\/header><\/div><footer class=\"entry-footer\"><\/footer><span class='hidden'>\n\t\t\t\t<span class='av-structured-data'  itemprop=\"image\" itemscope=\"itemscope\" itemtype=\"https:\/\/schema.org\/ImageObject\" >\n\t\t\t\t\t\t<span itemprop='url'>https:\/\/caldo-heizkoerper.de\/wp-content\/uploads\/2024\/05\/Trentino-E-Heizkoerper.png<\/span>\n\t\t\t\t\t\t<span itemprop='height'>640<\/span>\n\t\t\t\t\t\t<span itemprop='width'>480<\/span>\n\t\t\t\t<\/span>\n\t\t\t\t<span class='av-structured-data'  itemprop=\"publisher\" itemtype=\"https:\/\/schema.org\/Organization\" itemscope=\"itemscope\" >\n\t\t\t\t\t\t<span itemprop='name'>Contunda<\/span>\n\t\t\t\t\t\t<span itemprop='logo' itemscope itemtype='https:\/\/schema.org\/ImageObject'>\n\t\t\t\t\t\t\t<span itemprop='url'>\/wp-content\/uploads\/Caldo-Logo-WP.png<\/span>\n\t\t\t\t\t\t<\/span>\n\t\t\t\t<\/span><span class='av-structured-data'  itemprop=\"author\" itemscope=\"itemscope\" itemtype=\"https:\/\/schema.org\/Person\" ><span itemprop='name'>Contunda<\/span><\/span><span class='av-structured-data'  itemprop=\"datePublished\" datetime=\"2025-01-06T15:13:32+01:00\" >2025-01-06 15:13:30<\/span><span class='av-structured-data'  itemprop=\"dateModified\" itemtype=\"https:\/\/schema.org\/dateModified\" >2025-01-06 15:13:33<\/span><span class='av-structured-data'  itemprop=\"mainEntityOfPage\" itemtype=\"https:\/\/schema.org\/mainEntityOfPage\" ><span itemprop='name'>Trentino E s\u00e8che-serviettes \u00e9lectrique<\/span><\/span><\/span><\/article><article class='slide-entry flex_column  post-entry post-entry-1916 slide-entry-overview slide-loop-3 slide-parity-odd  post-entry-last  av_one_third  fake-thumbnail posttype-portfolio post-format-standard'  itemscope=\"itemscope\" itemtype=\"https:\/\/schema.org\/CreativeWork\" ><a href='https:\/\/caldo-heizkoerper.de\/fr\/produkt\/alexandro-chauffe-serviettes-electrique\/' data-rel='slide-1' class='slide-image' title='Alexandro chauffe-serviettes \u00e9lectrique'><span class='fallback-post-type-icon avia-svg-icon avia-font-svg_entypo-fontello' data-av_svg_icon='pencil' data-av_iconset='svg_entypo-fontello'><svg version=\"1.1\" xmlns=\"http:\/\/www.w3.org\/2000\/svg\" width=\"25\" height=\"32\" viewBox=\"0 0 25 32\" preserveAspectRatio=\"xMidYMid meet\" role=\"graphics-symbol\" aria-hidden=\"true\">\n<path d=\"M22.976 5.44q1.024 1.024 1.504 2.048t0.48 1.536v0.512l-8.064 8.064-9.28 9.216-7.616 1.664 1.6-7.68 9.28-9.216 8.064-8.064q1.728-0.384 4.032 1.92zM7.168 25.92l0.768-0.768q-0.064-1.408-1.664-3.008-0.704-0.704-1.44-1.12t-1.12-0.416l-0.448-0.064-0.704 0.768-0.576 2.56q0.896 0.512 1.472 1.088 0.768 0.768 1.152 1.536z\"><\/path>\n<\/svg><\/span><span class='slider-fallback-image'><img decoding=\"async\" loading=\"lazy\" width=\"480\" height=\"400\" src=\"https:\/\/caldo-heizkoerper.de\/wp-content\/uploads\/2024\/05\/Trentino-E-Heizkoerper-480x400.png\" class=\"wp-image-1867 avia-img-lazy-loading-1867 attachment-portfolio size-portfolio wp-post-image\" alt=\"\" \/><\/span><\/a><div class=\"slide-content\"><header class=\"entry-content-header\" aria-label=\"Slide: Alexandro chauffe-serviettes \u00e9lectrique\"><h3 class='slide-entry-title entry-title '  itemprop=\"headline\" ><a href='https:\/\/caldo-heizkoerper.de\/fr\/produkt\/alexandro-chauffe-serviettes-electrique\/' title='Alexandro chauffe-serviettes \u00e9lectrique'>Alexandro chauffe-serviettes \u00e9lectrique<\/a><\/h3><span class=\"blog-categories minor-meta\"><a href=\"https:\/\/caldo-heizkoerper.de\/fr\/produkte\/radiateurs-electriques-pour-salle-de-bains-et-seche-serviettes-electriques\/\" rel=\"tag\">Radiateurs \u00e9lectriques pour salle de bains et s\u00e8che-serviettes \u00e9lectriques<\/a> <\/span><span class=\"av-vertical-delimiter\"><\/span><\/header><\/div><footer class=\"entry-footer\"><\/footer><span class='hidden'>\n\t\t\t\t<span class='av-structured-data'  itemprop=\"image\" itemscope=\"itemscope\" itemtype=\"https:\/\/schema.org\/ImageObject\" >\n\t\t\t\t\t\t<span itemprop='url'>\/wp-content\/uploads\/Caldo-Logo-WP.png<\/span>\n\t\t\t\t\t\t<span itemprop='height'>0<\/span>\n\t\t\t\t\t\t<span itemprop='width'>0<\/span>\n\t\t\t\t<\/span>\n\t\t\t\t<span class='av-structured-data'  itemprop=\"publisher\" itemtype=\"https:\/\/schema.org\/Organization\" itemscope=\"itemscope\" >\n\t\t\t\t\t\t<span itemprop='name'>Mirco G.<\/span>\n\t\t\t\t\t\t<span itemprop='logo' itemscope itemtype='https:\/\/schema.org\/ImageObject'>\n\t\t\t\t\t\t\t<span itemprop='url'>\/wp-content\/uploads\/Caldo-Logo-WP.png<\/span>\n\t\t\t\t\t\t<\/span>\n\t\t\t\t<\/span><span class='av-structured-data'  itemprop=\"author\" itemscope=\"itemscope\" itemtype=\"https:\/\/schema.org\/Person\" ><span itemprop='name'>Mirco G.<\/span><\/span><span class='av-structured-data'  itemprop=\"datePublished\" datetime=\"2025-01-06T15:13:32+01:00\" >2025-01-06 15:13:06<\/span><span class='av-structured-data'  itemprop=\"dateModified\" itemtype=\"https:\/\/schema.org\/dateModified\" >2025-01-06 15:13:08<\/span><span class='av-structured-data'  itemprop=\"mainEntityOfPage\" itemtype=\"https:\/\/schema.org\/mainEntityOfPage\" ><span itemprop='name'>Alexandro chauffe-serviettes \u00e9lectrique<\/span><\/span><\/span><\/article><\/div><\/div><\/div>\n<\/p>\n","protected":false},"excerpt":{"rendered":"","protected":false},"author":2,"featured_media":1863,"comment_status":"closed","ping_status":"closed","template":"","meta":{"footnotes":""},"tags":[],"portfolio_entries":[56],"class_list":["post-2067","portfolio","type-portfolio","status-publish","has-post-thumbnail","hentry","portfolio_entries-radiateurs-electriques-pour-salle-de-bains-et-seche-serviettes-electriques"],"_links":{"self":[{"href":"https:\/\/caldo-heizkoerper.de\/fr\/wp-json\/wp\/v2\/portfolio\/2067","targetHints":{"allow":["GET"]}}],"collection":[{"href":"https:\/\/caldo-heizkoerper.de\/fr\/wp-json\/wp\/v2\/portfolio"}],"about":[{"href":"https:\/\/caldo-heizkoerper.de\/fr\/wp-json\/wp\/v2\/types\/portfolio"}],"author":[{"embeddable":true,"href":"https:\/\/caldo-heizkoerper.de\/fr\/wp-json\/wp\/v2\/users\/2"}],"replies":[{"embeddable":true,"href":"https:\/\/caldo-heizkoerper.de\/fr\/wp-json\/wp\/v2\/comments?post=2067"}],"version-history":[{"count":0,"href":"https:\/\/caldo-heizkoerper.de\/fr\/wp-json\/wp\/v2\/portfolio\/2067\/revisions"}],"wp:featuredmedia":[{"embeddable":true,"href":"https:\/\/caldo-heizkoerper.de\/fr\/wp-json\/wp\/v2\/media\/1863"}],"wp:attachment":[{"href":"https:\/\/caldo-heizkoerper.de\/fr\/wp-json\/wp\/v2\/media?parent=2067"}],"wp:term":[{"taxonomy":"post_tag","embeddable":true,"href":"https:\/\/caldo-heizkoerper.de\/fr\/wp-json\/wp\/v2\/tags?post=2067"},{"taxonomy":"portfolio_entries","embeddable":true,"href":"https:\/\/caldo-heizkoerper.de\/fr\/wp-json\/wp\/v2\/portfolio_entries?post=2067"}],"curies":[{"name":"wp","href":"https:\/\/api.w.org\/{rel}","templated":true}]}}